{"id":1950,"date":"2023-09-06T16:55:35","date_gmt":"2023-09-06T14:55:35","guid":{"rendered":"https:\/\/ngpreparateurmental.fr\/?page_id=1950"},"modified":"2024-01-07T22:26:04","modified_gmt":"2024-01-07T21:26:04","slug":"professionnels","status":"publish","type":"page","link":"https:\/\/nicolasgace-psychologue.fr\/index.php\/professionnels\/","title":{"rendered":"Professionnels"},"content":{"rendered":"\n<div class=\"wp-block-group has-third-primary-gradient-gradient-background has-background is-layout-constrained wp-container-core-group-is-layout-bb0b6265 wp-block-group-is-layout-constrained\" style=\"padding-top:8rem;padding-right:var(--wp--preset--spacing--60);padding-bottom:8rem;padding-left:var(--wp--preset--spacing--60)\">\n<figure class=\"wp-block-image alignfull size-full\"><img fetchpriority=\"high\" decoding=\"async\" width=\"1920\" height=\"475\" src=\"https:\/\/nicolasgace-psychologue.fr\/wp-content\/uploads\/2023\/09\/illustration-professionnel-3-1.png\" alt=\"\" class=\"wp-image-1952\" srcset=\"https:\/\/nicolasgace-psychologue.fr\/wp-content\/uploads\/2023\/09\/illustration-professionnel-3-1.png 1920w, https:\/\/nicolasgace-psychologue.fr\/wp-content\/uploads\/2023\/09\/illustration-professionnel-3-1-300x74.png 300w, https:\/\/nicolasgace-psychologue.fr\/wp-content\/uploads\/2023\/09\/illustration-professionnel-3-1-1024x253.png 1024w, https:\/\/nicolasgace-psychologue.fr\/wp-content\/uploads\/2023\/09\/illustration-professionnel-3-1-768x190.png 768w, https:\/\/nicolasgace-psychologue.fr\/wp-content\/uploads\/2023\/09\/illustration-professionnel-3-1-1536x380.png 1536w, https:\/\/nicolasgace-psychologue.fr\/wp-content\/uploads\/2023\/09\/illustration-professionnel-3-1-600x148.png 600w\" sizes=\"(max-width: 1920px) 100vw, 1920px\" \/><\/figure>\n\n\n\n<div class=\"wp-block-group is-layout-constrained wp-container-core-group-is-layout-ed92f1a2 wp-block-group-is-layout-constrained\">\n<h1 class=\"wp-block-heading has-text-align-center has-foreground-alt-color has-text-color has-league-spartan-font-family\" style=\"font-size:50px;font-style:normal;font-weight:500;line-height:1.2\"><strong><em>Les professionnels<\/em><\/strong><\/h1>\n<\/div>\n\n\n\n<p class=\"has-text-align-center has-background-alt-color has-text-color has-league-spartan-font-family has-medium-font-size\" style=\"line-height:2\">Un coach mental propose un accompagnement personnalis\u00e9 pour aider le professionnel \u00e0 identifier ses objectifs, \u00e0 surmonter les obstacles et \u00e0 maximiser son potentiel. Gr\u00e2ce \u00e0 des techniques de coaching adapt\u00e9es, le coach mental aide le professionnel \u00e0 renforcer sa confiance en soi, \u00e0 am\u00e9liorer sa gestion du stress, \u00e0 d\u00e9velopper des comp\u00e9tences en communication et \u00e0 cultiver une mentalit\u00e9 positive. Le coach mental offre \u00e9galement un espace s\u00e9curis\u00e9 pour explorer les d\u00e9fis professionnels, prendre du recul et acqu\u00e9rir de nouvelles perspectives. Avec l\u2019aide d\u2019un coach mental, le professionnel peut atteindre une clart\u00e9 d\u2019esprit, d\u00e9couvrir de nouvelles ressources internes et d\u00e9ployer ses talents de mani\u00e8re strat\u00e9gique, lui permettant ainsi d\u2019atteindre des sommets dans sa carri\u00e8re et de s\u2019\u00e9panouir pleinement dans sa vie professionnelle.<\/p>\n\n\n\n<h3 class=\"wp-block-heading alignwide has-text-align-center has-foreground-alt-color has-text-color has-link-color has-league-spartan-font-family wp-elements-eaf10d04fd41b78c91decede8ae6dd39\" style=\"margin-right:0;margin-bottom:var(--wp--preset--spacing--80)\"><em>Chaque d\u00e9fi professionnel est une opportunit\u00e9 de croissance<\/em><\/h3>\n\n\n\n<div class=\"wp-block-columns are-vertically-aligned-center is-layout-flex wp-container-core-columns-is-layout-545d4a7f wp-block-columns-is-layout-flex\" style=\"padding-top:0\">\n<div class=\"wp-block-column is-vertically-aligned-center is-layout-flow wp-block-column-is-layout-flow\" style=\"flex-basis:45%\">\n<figure class=\"wp-block-image size-large has-custom-border is-style-default\"><img decoding=\"async\" width=\"683\" height=\"1024\" src=\"https:\/\/nicolasgace-psychologue.fr\/wp-content\/uploads\/2023\/09\/pexels-luana-freitas-16335811-683x1024.jpg\" alt=\"\" class=\"wp-image-1953\" style=\"border-radius:10px\" srcset=\"https:\/\/nicolasgace-psychologue.fr\/wp-content\/uploads\/2023\/09\/pexels-luana-freitas-16335811-683x1024.jpg 683w, https:\/\/nicolasgace-psychologue.fr\/wp-content\/uploads\/2023\/09\/pexels-luana-freitas-16335811-200x300.jpg 200w, https:\/\/nicolasgace-psychologue.fr\/wp-content\/uploads\/2023\/09\/pexels-luana-freitas-16335811-768x1152.jpg 768w, https:\/\/nicolasgace-psychologue.fr\/wp-content\/uploads\/2023\/09\/pexels-luana-freitas-16335811-1024x1536.jpg 1024w, https:\/\/nicolasgace-psychologue.fr\/wp-content\/uploads\/2023\/09\/pexels-luana-freitas-16335811-1365x2048.jpg 1365w, https:\/\/nicolasgace-psychologue.fr\/wp-content\/uploads\/2023\/09\/pexels-luana-freitas-16335811-600x900.jpg 600w, https:\/\/nicolasgace-psychologue.fr\/wp-content\/uploads\/2023\/09\/pexels-luana-freitas-16335811-scaled.jpg 1706w\" sizes=\"(max-width: 683px) 100vw, 683px\" \/><\/figure>\n<\/div>\n\n\n\n<div class=\"wp-block-column is-vertically-aligned-center is-layout-flow wp-container-core-column-is-layout-119bc444 wp-block-column-is-layout-flow\" style=\"flex-basis:55%\">\n<h3 class=\"wp-block-heading has-text-align-center has-foreground-alt-color has-text-color has-league-spartan-font-family\" style=\"line-height:1.2\">Gestion du stress<\/h3>\n\n\n\n<div style=\"height:20px\" aria-hidden=\"true\" class=\"wp-block-spacer\"><\/div>\n\n\n\n<p class=\"has-text-align-center has-foreground-alt-color has-text-color has-league-spartan-font-family has-medium-font-size\" style=\"line-height:2\">Le stress peut provenir de diverses sources telles que les \u00e9ch\u00e9ances serr\u00e9es, les responsabilit\u00e9s croissantes ou les d\u00e9fis professionnels. Pour g\u00e9rer efficacement le stress, le professionnel peut mettre en place des diff\u00e9rentes strat\u00e9gies. En g\u00e9rant le stress de mani\u00e8re proactive, le professionnel peut maintenir sa clart\u00e9 mentale, sa productivit\u00e9 et son bien-\u00eatre g\u00e9n\u00e9ral. La gestion du stress permet de rester concentr\u00e9 sur l\u2019essentiel, de prendre des d\u00e9cisions \u00e9clair\u00e9es et de s\u2019\u00e9panouir dans sa carri\u00e8re.<\/p>\n\n\n\n<div style=\"height:10px\" aria-hidden=\"true\" class=\"wp-block-spacer\"><\/div>\n<\/div>\n<\/div>\n\n\n\n<div class=\"wp-block-columns are-vertically-aligned-center is-layout-flex wp-container-core-columns-is-layout-bd04d59b wp-block-columns-is-layout-flex\">\n<div class=\"wp-block-column is-vertically-aligned-center is-layout-flow wp-container-core-column-is-layout-119bc444 wp-block-column-is-layout-flow\" style=\"flex-basis:55%\">\n<h3 class=\"wp-block-heading has-text-align-center has-foreground-alt-color has-text-color has-league-spartan-font-family\" style=\"line-height:1.2\">D\u00e9veloppement de la confiance en soi<\/h3>\n\n\n\n<div style=\"height:20px\" aria-hidden=\"true\" class=\"wp-block-spacer\"><\/div>\n\n\n\n<p class=\"has-text-align-center has-foreground-alt-color has-text-color has-league-spartan-font-family has-medium-font-size\" style=\"line-height:2\">La confiance en soi permet au professionnel de croire en ses comp\u00e9tences, d\u2019exprimer ses id\u00e9es avec assurance et de prendre des initiatives audacieuses. Avec une confiance solide en soi, le professionnel peut relever les d\u00e9fis avec r\u00e9silience, saisir les opportunit\u00e9s et inspirer les autres. La confiance en soi est le fondement de la r\u00e9ussite professionnelle et personnelle.<\/p>\n<\/div>\n\n\n\n<div class=\"wp-block-column is-vertically-aligned-center is-layout-flow wp-block-column-is-layout-flow\" style=\"flex-basis:45%\">\n<figure class=\"wp-block-image size-large has-custom-border\"><img decoding=\"async\" width=\"675\" height=\"1024\" src=\"http:\/\/ngpreparateurmental.fr\/wp-content\/uploads\/2023\/09\/man-8057241_1920-675x1024.png\" alt=\"\" class=\"wp-image-1837\" style=\"border-radius:10px\" srcset=\"https:\/\/nicolasgace-psychologue.fr\/wp-content\/uploads\/2023\/09\/man-8057241_1920-675x1024.png 675w, https:\/\/nicolasgace-psychologue.fr\/wp-content\/uploads\/2023\/09\/man-8057241_1920-198x300.png 198w, https:\/\/nicolasgace-psychologue.fr\/wp-content\/uploads\/2023\/09\/man-8057241_1920-768x1165.png 768w, https:\/\/nicolasgace-psychologue.fr\/wp-content\/uploads\/2023\/09\/man-8057241_1920-1013x1536.png 1013w, https:\/\/nicolasgace-psychologue.fr\/wp-content\/uploads\/2023\/09\/man-8057241_1920-600x910.png 600w, https:\/\/nicolasgace-psychologue.fr\/wp-content\/uploads\/2023\/09\/man-8057241_1920.png 1266w\" sizes=\"(max-width: 675px) 100vw, 675px\" \/><\/figure>\n<\/div>\n<\/div>\n\n\n\n<div class=\"wp-block-columns are-vertically-aligned-center is-layout-flex wp-container-core-columns-is-layout-545d4a7f wp-block-columns-is-layout-flex\" style=\"padding-top:0\">\n<div class=\"wp-block-column is-vertically-aligned-center is-layout-flow wp-block-column-is-layout-flow\" style=\"flex-basis:45%\">\n<figure class=\"wp-block-image size-full has-custom-border\"><img loading=\"lazy\" decoding=\"async\" width=\"2560\" height=\"1709\" src=\"https:\/\/nicolasgace-psychologue.fr\/wp-content\/uploads\/2023\/09\/christina-wocintechchat-com-faEfWCdOKIg-unsplash-scaled.jpg\" alt=\"\" class=\"wp-image-1954\" style=\"border-radius:10px;aspect-ratio:2\/3;object-fit:cover\" srcset=\"https:\/\/nicolasgace-psychologue.fr\/wp-content\/uploads\/2023\/09\/christina-wocintechchat-com-faEfWCdOKIg-unsplash-scaled.jpg 2560w, https:\/\/nicolasgace-psychologue.fr\/wp-content\/uploads\/2023\/09\/christina-wocintechchat-com-faEfWCdOKIg-unsplash-300x200.jpg 300w, https:\/\/nicolasgace-psychologue.fr\/wp-content\/uploads\/2023\/09\/christina-wocintechchat-com-faEfWCdOKIg-unsplash-1024x684.jpg 1024w, https:\/\/nicolasgace-psychologue.fr\/wp-content\/uploads\/2023\/09\/christina-wocintechchat-com-faEfWCdOKIg-unsplash-768x513.jpg 768w, https:\/\/nicolasgace-psychologue.fr\/wp-content\/uploads\/2023\/09\/christina-wocintechchat-com-faEfWCdOKIg-unsplash-1536x1025.jpg 1536w, https:\/\/nicolasgace-psychologue.fr\/wp-content\/uploads\/2023\/09\/christina-wocintechchat-com-faEfWCdOKIg-unsplash-2048x1367.jpg 2048w, https:\/\/nicolasgace-psychologue.fr\/wp-content\/uploads\/2023\/09\/christina-wocintechchat-com-faEfWCdOKIg-unsplash-600x401.jpg 600w\" sizes=\"(max-width: 2560px) 100vw, 2560px\" \/><\/figure>\n<\/div>\n\n\n\n<div class=\"wp-block-column is-vertically-aligned-center is-layout-flow wp-container-core-column-is-layout-119bc444 wp-block-column-is-layout-flow\" style=\"flex-basis:55%\">\n<h3 class=\"wp-block-heading has-text-align-center has-foreground-alt-color has-text-color has-league-spartan-font-family\" style=\"line-height:1.2\"><strong><strong>Am\u00e9lioration <strong><strong>de la communication<\/strong><\/strong><\/strong><\/strong><\/h3>\n\n\n\n<div style=\"height:20px\" aria-hidden=\"true\" class=\"wp-block-spacer\"><\/div>\n\n\n\n<p class=\"has-text-align-center has-foreground-alt-color has-text-color has-league-spartan-font-family has-medium-font-size\" style=\"line-height:2\">Une communication claire, concise et adapt\u00e9e permet de transmettre efficacement les informations, de favoriser la collaboration et de construire des relations solides avec les coll\u00e8gues, les clients et les partenaires. Le professionnel doit d\u00e9velopper des comp\u00e9tences de communication verbale, non verbale et \u00e9crite pour transmettre ses id\u00e9es de mani\u00e8re persuasive et influente. En am\u00e9liorant sa communication, le professionnel peut inspirer et motiver les autres, stimuler l\u2019innovation et contribuer \u00e0 une culture d\u2019entreprise dynamique et collaborative.<\/p>\n<\/div>\n<\/div>\n\n\n\n<div class=\"wp-block-columns is-layout-flex wp-container-core-columns-is-layout-bd04d59b wp-block-columns-is-layout-flex\">\n<div class=\"wp-block-column is-vertically-aligned-top is-layout-flow wp-container-core-column-is-layout-119bc444 wp-block-column-is-layout-flow\" style=\"flex-basis:55%\">\n<h3 class=\"wp-block-heading has-text-align-center has-foreground-alt-color has-text-color has-league-spartan-font-family\" style=\"line-height:1.2\"><strong><strong><p><strong><strong><strong><strong><strong><strong><strong><strong><strong><strong><strong><strong><strong>Gestion du temps et des priorit\u00e9s<\/strong><\/strong><\/strong><\/strong><\/strong><\/strong><\/strong><\/strong><\/strong><\/strong><\/strong><\/strong><\/strong><\/p><\/strong><\/strong><\/h3>\n\n\n\n<p class=\"has-text-align-center has-foreground-alt-color has-text-color has-league-spartan-font-family has-medium-font-size\" style=\"line-height:2\">La gestion efficace du temps et des priorit\u00e9s est essentielle pour la majorit\u00e9 des professionnels. En organisant son temps de mani\u00e8re strat\u00e9gique, le professionnel peut maximiser sa productivit\u00e9 et atteindre ses objectifs de mani\u00e8re efficiente. La gestion du temps permet \u00e9galement de trouver un \u00e9quilibre entre les responsabilit\u00e9s professionnelles et personnelles, favorisant ainsi le bien-\u00eatre et la performance globale. En d\u00e9veloppant cette comp\u00e9tence, le professionnel peut faire preuve de discipline, de rigueur et de r\u00e9silience, cr\u00e9ant ainsi les conditions pour r\u00e9ussir et atteindre l\u2019excellence dans sa carri\u00e8re.<\/p>\n\n\n\n<div style=\"height:10px\" aria-hidden=\"true\" class=\"wp-block-spacer\"><\/div>\n<\/div>\n\n\n\n<div class=\"wp-block-column is-vertically-aligned-center is-layout-flow wp-block-column-is-layout-flow\" style=\"flex-basis:45%\">\n<figure class=\"wp-block-image size-full has-custom-border\"><img loading=\"lazy\" decoding=\"async\" width=\"2560\" height=\"1707\" src=\"https:\/\/nicolasgace-psychologue.fr\/wp-content\/uploads\/2023\/09\/jason-goodman-Oalh2MojUuk-unsplash-scaled.jpg\" alt=\"\" class=\"wp-image-1957\" style=\"border-radius:10px;aspect-ratio:2\/3;object-fit:cover\" srcset=\"https:\/\/nicolasgace-psychologue.fr\/wp-content\/uploads\/2023\/09\/jason-goodman-Oalh2MojUuk-unsplash-scaled.jpg 2560w, https:\/\/nicolasgace-psychologue.fr\/wp-content\/uploads\/2023\/09\/jason-goodman-Oalh2MojUuk-unsplash-300x200.jpg 300w, https:\/\/nicolasgace-psychologue.fr\/wp-content\/uploads\/2023\/09\/jason-goodman-Oalh2MojUuk-unsplash-1024x683.jpg 1024w, https:\/\/nicolasgace-psychologue.fr\/wp-content\/uploads\/2023\/09\/jason-goodman-Oalh2MojUuk-unsplash-768x512.jpg 768w, https:\/\/nicolasgace-psychologue.fr\/wp-content\/uploads\/2023\/09\/jason-goodman-Oalh2MojUuk-unsplash-1536x1024.jpg 1536w, https:\/\/nicolasgace-psychologue.fr\/wp-content\/uploads\/2023\/09\/jason-goodman-Oalh2MojUuk-unsplash-2048x1365.jpg 2048w, https:\/\/nicolasgace-psychologue.fr\/wp-content\/uploads\/2023\/09\/jason-goodman-Oalh2MojUuk-unsplash-600x400.jpg 600w\" sizes=\"(max-width: 2560px) 100vw, 2560px\" \/><\/figure>\n<\/div>\n<\/div>\n\n\n\n<h3 class=\"wp-block-heading has-text-align-center has-foreground-alt-color has-text-color has-league-spartan-font-family\"><strong><strong><strong><strong>D\u00e9veloppement de la cr\u00e9ativit\u00e9<\/strong><\/strong><\/strong><\/strong><\/h3>\n\n\n\n<p class=\"has-text-align-center has-foreground-alt-color has-text-color has-league-spartan-font-family has-medium-font-size\" style=\"line-height:2\">La cr\u00e9ativit\u00e9 permet au cadre d\u2019entreprise d\u2019apporter des id\u00e9es novatrices, de r\u00e9soudre des probl\u00e8mes complexes et d\u2019anticiper les tendances du march\u00e9. En d\u00e9veloppant sa cr\u00e9ativit\u00e9, le professionnel peut repousser les limites de la routine et proposer des solutions audacieuses, inspirant ainsi ses collaborateurs et contribuant \u00e0 la r\u00e9ussite de l\u2019entreprise.<\/p>\n<\/div>\n\n\n\n<div class=\"wp-block-media-text has-media-on-the-right is-stacked-on-mobile\"><div class=\"wp-block-media-text__content\">\n<p class=\"has-text-align-center has-league-spartan-font-family has-medium-font-size\" style=\"line-height:2\">La liste des facteurs impactant la performance n&rsquo;est bien \u00e9videmment pas exhaustive. De nombreux \u00e9l\u00e9ments peuvent expliquer une r\u00e9ussite ou un \u00e9chec. Le but ici est simplement de vous faire prendre conscience des possibilit\u00e9s d&rsquo;\u00e9volution et de progression \u00e0 travers de nouvelles zones de travail.<\/p>\n<\/div><figure class=\"wp-block-media-text__media\"><img decoding=\"async\" src=\"https:\/\/nicolasgacecoachmental.files.wordpress.com\/2023\/08\/nuage-de-mots-2271715592-e1691609566374.png?w=779\" alt=\"\" class=\"wp-image-942 size-full\"\/><\/figure><\/div>\n\n\n\n<div class=\"wp-block-group is-layout-constrained wp-container-core-group-is-layout-ec93f0f7 wp-block-group-is-layout-constrained\" style=\"margin-top:0;margin-bottom:0;padding-top:120px;padding-right:var(--wp--preset--spacing--50);padding-bottom:120px;padding-left:var(--wp--preset--spacing--50)\">\n<div class=\"wp-block-columns are-vertically-aligned-center is-layout-flex wp-container-core-columns-is-layout-83dac994 wp-block-columns-is-layout-flex\" style=\"padding-top:0;padding-bottom:0\">\n<div class=\"wp-block-column is-vertically-aligned-center is-layout-flow wp-block-column-is-layout-flow\">\n<figure class=\"wp-block-image size-full is-resized wp-duotone-unset-1\"><img decoding=\"async\" src=\"https:\/\/nicolasgace-psychologue.fr\/wp-content\/themes\/fotawp\/assets\/images\/man_with_laptop.svg\" alt=\"\" class=\"wp-image-171\" style=\"width:544px;height:auto\"\/><\/figure>\n<\/div>\n\n\n\n<div class=\"wp-block-column is-vertically-aligned-center is-layout-flow wp-block-column-is-layout-flow\" style=\"flex-basis:55%\">\n<h1 class=\"wp-block-heading has-heading-color-color has-text-color has-league-spartan-font-family has-xxx-large-font-size\" style=\"margin-bottom:var(--wp--preset--spacing--70);font-style:normal;font-weight:600;line-height:1\">Prendre rendez-vous<\/h1>\n\n\n\n<div class=\"wp-block-group fhs-services-actions is-layout-constrained wp-block-group-is-layout-constrained\">\n<div class=\"wp-block-columns are-vertically-aligned-center is-layout-flex wp-container-core-columns-is-layout-28f84493 wp-block-columns-is-layout-flex\">\n<div class=\"wp-block-column is-vertically-aligned-center is-layout-flow wp-block-column-is-layout-flow\" style=\"flex-basis:80px\">\n<h2 class=\"wp-block-heading has-text-color\" style=\"color:#dcdee3;font-size:48px;font-style:normal;font-weight:700\">1<\/h2>\n<\/div>\n\n\n\n<div class=\"wp-block-column is-vertically-aligned-center is-layout-flow wp-block-column-is-layout-flow\">\n<div class=\"wp-block-group fhs-action-box has-border-color has-background-alt-border-color is-layout-constrained wp-container-core-group-is-layout-95339512 wp-block-group-is-layout-constrained\" style=\"border-width:1px;border-radius:10px;padding-top:24px;padding-right:24px;padding-bottom:24px;padding-left:24px\">\n<div class=\"wp-block-columns is-layout-flex wp-container-core-columns-is-layout-28f84493 wp-block-columns-is-layout-flex\">\n<div class=\"wp-block-column is-layout-flow wp-block-column-is-layout-flow\" style=\"flex-basis:30%\">\n<h4 class=\"wp-block-heading has-accent-color has-text-color has-league-spartan-font-family has-large-font-size\" style=\"font-style:normal;font-weight:600\">Contact<\/h4>\n<\/div>\n\n\n\n<div class=\"wp-block-column is-layout-flow wp-block-column-is-layout-flow\" style=\"flex-basis:66.66%\">\n<p class=\"has-league-spartan-font-family has-medium-font-size\">La prise de rendez-vous se fait par e-mail ou via le formulaire de contact<\/p>\n<\/div>\n<\/div>\n<\/div>\n<\/div>\n<\/div>\n<\/div>\n\n\n\n<div class=\"wp-block-group fhs-services-actions is-layout-constrained wp-block-group-is-layout-constrained\">\n<div class=\"wp-block-columns are-vertically-aligned-center is-layout-flex wp-container-core-columns-is-layout-28f84493 wp-block-columns-is-layout-flex\">\n<div class=\"wp-block-column is-vertically-aligned-center is-layout-flow wp-block-column-is-layout-flow\" style=\"flex-basis:80px\">\n<h2 class=\"wp-block-heading has-text-color\" style=\"color:#dcdee3;font-size:48px;font-style:normal;font-weight:700\">2<\/h2>\n<\/div>\n\n\n\n<div class=\"wp-block-column is-vertically-aligned-center is-layout-flow wp-block-column-is-layout-flow\">\n<div class=\"wp-block-group fhs-action-box has-border-color has-background-alt-border-color is-layout-constrained wp-container-core-group-is-layout-95339512 wp-block-group-is-layout-constrained\" style=\"border-width:1px;border-radius:10px;padding-top:24px;padding-right:24px;padding-bottom:24px;padding-left:24px\">\n<div class=\"wp-block-columns is-layout-flex wp-container-core-columns-is-layout-28f84493 wp-block-columns-is-layout-flex\">\n<div class=\"wp-block-column is-layout-flow wp-block-column-is-layout-flow\" style=\"flex-basis:30%\">\n<h4 class=\"wp-block-heading has-accent-color has-text-color has-league-spartan-font-family has-large-font-size\" style=\"font-style:normal;font-weight:600\">Entretien t\u00e9l\u00e9phonique<\/h4>\n<\/div>\n\n\n\n<div class=\"wp-block-column is-layout-flow wp-block-column-is-layout-flow\" style=\"flex-basis:66.66%\">\n<p class=\"has-league-spartan-font-family has-medium-font-size\">Un pr\u00e9-entretien t\u00e9l\u00e9phonique <strong>GRATUIT<\/strong> sera planifi\u00e9 au pr\u00e9alable pour \u00e9voquer  les questions autour de l&rsquo;accompagnement.<\/p>\n<\/div>\n<\/div>\n<\/div>\n<\/div>\n<\/div>\n<\/div>\n\n\n\n<div class=\"wp-block-group fhs-services-actions is-layout-constrained wp-block-group-is-layout-constrained\">\n<div class=\"wp-block-columns are-vertically-aligned-center is-layout-flex wp-container-core-columns-is-layout-28f84493 wp-block-columns-is-layout-flex\">\n<div class=\"wp-block-column is-vertically-aligned-center is-layout-flow wp-block-column-is-layout-flow\" style=\"flex-basis:80px\">\n<h2 class=\"wp-block-heading has-text-color\" style=\"color:#dcdee3;font-size:48px;font-style:normal;font-weight:700\">3<\/h2>\n<\/div>\n\n\n\n<div class=\"wp-block-column is-vertically-aligned-center is-layout-flow wp-block-column-is-layout-flow\">\n<div class=\"wp-block-group fhs-action-box has-border-color has-background-alt-border-color is-layout-constrained wp-container-core-group-is-layout-95339512 wp-block-group-is-layout-constrained\" style=\"border-width:1px;border-radius:10px;padding-top:24px;padding-right:24px;padding-bottom:24px;padding-left:24px\">\n<div class=\"wp-block-columns is-layout-flex wp-container-core-columns-is-layout-28f84493 wp-block-columns-is-layout-flex\">\n<div class=\"wp-block-column is-layout-flow wp-block-column-is-layout-flow\" style=\"flex-basis:30%\">\n<h4 class=\"wp-block-heading has-accent-color has-text-color has-league-spartan-font-family has-large-font-size\" style=\"font-style:normal;font-weight:600\">Entretien<\/h4>\n<\/div>\n\n\n\n<div class=\"wp-block-column is-layout-flow wp-block-column-is-layout-flow\" style=\"flex-basis:66.66%\">\n<p class=\"has-league-spartan-font-family has-medium-font-size\">L&rsquo;entretien peut avoir lieu en pr\u00e9sentiel ou en distanciel<\/p>\n<\/div>\n<\/div>\n<\/div>\n<\/div>\n<\/div>\n<\/div>\n<\/div>\n<\/div>\n\n\n\n<div style=\"height:50px\" aria-hidden=\"true\" class=\"wp-block-spacer\"><\/div>\n\n\n\n<div class=\"wp-block-buttons is-horizontal is-content-justification-center is-layout-flex wp-container-core-buttons-is-layout-03627597 wp-block-buttons-is-layout-flex\">\n<div class=\"wp-block-button has-custom-width wp-block-button__width-50\"><a class=\"wp-block-button__link has-primary-background-color has-text-color has-background wp-element-button\" href=\"https:\/\/nicolasgace-psychologue.fr\/index.php\/contact\/\" style=\"border-radius:50px;color:#ffffff\">Contact<\/a><\/div>\n<\/div>\n<\/div>\n","protected":false},"excerpt":{"rendered":"<p>Les professionnels Un coach mental propose un accompagnement personnalis\u00e9 pour aider le professionnel \u00e0 identifier ses objectifs, \u00e0 surmonter les obstacles et \u00e0 maximiser son potentiel. Gr\u00e2ce \u00e0 des&#8230;<\/p>\n","protected":false},"author":1,"featured_media":0,"parent":0,"menu_order":0,"comment_status":"closed","ping_status":"closed","template":"","meta":{"footnotes":""},"class_list":["post-1950","page","type-page","status-publish","hentry"],"yoast_head":"<!-- This site is optimized with the Yoast SEO plugin v21.3 - https:\/\/yoast.com\/wordpress\/plugins\/seo\/ -->\n<title>Les professionnels et la pr\u00e9paration mentale<\/title>\n<meta name=\"description\" content=\"Accompagnement personnalis\u00e9 pour aider le professionnel \u00e0 identifier ses objectifs, \u00e0 surmonter les obstacles et \u00e0 maximiser son potentiel...\" \/>\n<meta name=\"robots\" content=\"index, follow, max-snippet:-1, max-image-preview:large, max-video-preview:-1\" \/>\n<link rel=\"canonical\" href=\"https:\/\/nicolasgace-psychologue.fr\/index.php\/professionnels\/\" \/>\n<meta property=\"og:locale\" content=\"fr_FR\" \/>\n<meta property=\"og:type\" content=\"article\" \/>\n<meta property=\"og:title\" content=\"Les professionnels et la pr\u00e9paration mentale\" \/>\n<meta property=\"og:description\" content=\"Accompagnement personnalis\u00e9 pour aider le professionnel \u00e0 identifier ses objectifs, \u00e0 surmonter les obstacles et \u00e0 maximiser son potentiel...\" \/>\n<meta property=\"og:url\" content=\"https:\/\/nicolasgace-psychologue.fr\/index.php\/professionnels\/\" \/>\n<meta property=\"og:site_name\" content=\"Psychologue Poitiers - Nicolas Gace\" \/>\n<meta property=\"article:modified_time\" content=\"2024-01-07T21:26:04+00:00\" \/>\n<meta property=\"og:image\" content=\"https:\/\/nicolasgace-psychologue.fr\/wp-content\/uploads\/2023\/09\/illustration-professionnel-3-1.png\" \/>\n<meta name=\"twitter:card\" content=\"summary_large_image\" \/>\n<meta name=\"twitter:label1\" content=\"Dur\u00e9e de lecture estim\u00e9e\" \/>\n\t<meta name=\"twitter:data1\" content=\"4 minutes\" \/>\n<script type=\"application\/ld+json\" class=\"yoast-schema-graph\">{\"@context\":\"https:\/\/schema.org\",\"@graph\":[{\"@type\":\"WebPage\",\"@id\":\"https:\/\/nicolasgace-psychologue.fr\/index.php\/professionnels\/\",\"url\":\"https:\/\/nicolasgace-psychologue.fr\/index.php\/professionnels\/\",\"name\":\"Les professionnels et la pr\u00e9paration mentale\",\"isPartOf\":{\"@id\":\"https:\/\/nicolasgace-psychologue.fr\/#website\"},\"datePublished\":\"2023-09-06T14:55:35+00:00\",\"dateModified\":\"2024-01-07T21:26:04+00:00\",\"description\":\"Accompagnement personnalis\u00e9 pour aider le professionnel \u00e0 identifier ses objectifs, \u00e0 surmonter les obstacles et \u00e0 maximiser son potentiel...\",\"breadcrumb\":{\"@id\":\"https:\/\/nicolasgace-psychologue.fr\/index.php\/professionnels\/#breadcrumb\"},\"inLanguage\":\"fr-FR\",\"potentialAction\":[{\"@type\":\"ReadAction\",\"target\":[\"https:\/\/nicolasgace-psychologue.fr\/index.php\/professionnels\/\"]}]},{\"@type\":\"BreadcrumbList\",\"@id\":\"https:\/\/nicolasgace-psychologue.fr\/index.php\/professionnels\/#breadcrumb\",\"itemListElement\":[{\"@type\":\"ListItem\",\"position\":1,\"name\":\"Accueil\",\"item\":\"https:\/\/nicolasgace-psychologue.fr\/\"},{\"@type\":\"ListItem\",\"position\":2,\"name\":\"Professionnels\"}]},{\"@type\":\"WebSite\",\"@id\":\"https:\/\/nicolasgace-psychologue.fr\/#website\",\"url\":\"https:\/\/nicolasgace-psychologue.fr\/\",\"name\":\"Psychologue Poitiers - Nicolas Gace\",\"description\":\"\",\"potentialAction\":[{\"@type\":\"SearchAction\",\"target\":{\"@type\":\"EntryPoint\",\"urlTemplate\":\"https:\/\/nicolasgace-psychologue.fr\/?s={search_term_string}\"},\"query-input\":\"required name=search_term_string\"}],\"inLanguage\":\"fr-FR\"}]}<\/script>\n<!-- \/ Yoast SEO plugin. -->","yoast_head_json":{"title":"Les professionnels et la pr\u00e9paration mentale","description":"Accompagnement personnalis\u00e9 pour aider le professionnel \u00e0 identifier ses objectifs, \u00e0 surmonter les obstacles et \u00e0 maximiser son potentiel...","robots":{"index":"index","follow":"follow","max-snippet":"max-snippet:-1","max-image-preview":"max-image-preview:large","max-video-preview":"max-video-preview:-1"},"canonical":"https:\/\/nicolasgace-psychologue.fr\/index.php\/professionnels\/","og_locale":"fr_FR","og_type":"article","og_title":"Les professionnels et la pr\u00e9paration mentale","og_description":"Accompagnement personnalis\u00e9 pour aider le professionnel \u00e0 identifier ses objectifs, \u00e0 surmonter les obstacles et \u00e0 maximiser son potentiel...","og_url":"https:\/\/nicolasgace-psychologue.fr\/index.php\/professionnels\/","og_site_name":"Psychologue Poitiers - Nicolas Gace","article_modified_time":"2024-01-07T21:26:04+00:00","og_image":[{"url":"https:\/\/nicolasgace-psychologue.fr\/wp-content\/uploads\/2023\/09\/illustration-professionnel-3-1.png"}],"twitter_card":"summary_large_image","twitter_misc":{"Dur\u00e9e de lecture estim\u00e9e":"4 minutes"},"schema":{"@context":"https:\/\/schema.org","@graph":[{"@type":"WebPage","@id":"https:\/\/nicolasgace-psychologue.fr\/index.php\/professionnels\/","url":"https:\/\/nicolasgace-psychologue.fr\/index.php\/professionnels\/","name":"Les professionnels et la pr\u00e9paration mentale","isPartOf":{"@id":"https:\/\/nicolasgace-psychologue.fr\/#website"},"datePublished":"2023-09-06T14:55:35+00:00","dateModified":"2024-01-07T21:26:04+00:00","description":"Accompagnement personnalis\u00e9 pour aider le professionnel \u00e0 identifier ses objectifs, \u00e0 surmonter les obstacles et \u00e0 maximiser son potentiel...","breadcrumb":{"@id":"https:\/\/nicolasgace-psychologue.fr\/index.php\/professionnels\/#breadcrumb"},"inLanguage":"fr-FR","potentialAction":[{"@type":"ReadAction","target":["https:\/\/nicolasgace-psychologue.fr\/index.php\/professionnels\/"]}]},{"@type":"BreadcrumbList","@id":"https:\/\/nicolasgace-psychologue.fr\/index.php\/professionnels\/#breadcrumb","itemListElement":[{"@type":"ListItem","position":1,"name":"Accueil","item":"https:\/\/nicolasgace-psychologue.fr\/"},{"@type":"ListItem","position":2,"name":"Professionnels"}]},{"@type":"WebSite","@id":"https:\/\/nicolasgace-psychologue.fr\/#website","url":"https:\/\/nicolasgace-psychologue.fr\/","name":"Psychologue Poitiers - Nicolas Gace","description":"","potentialAction":[{"@type":"SearchAction","target":{"@type":"EntryPoint","urlTemplate":"https:\/\/nicolasgace-psychologue.fr\/?s={search_term_string}"},"query-input":"required name=search_term_string"}],"inLanguage":"fr-FR"}]}},"_links":{"self":[{"href":"https:\/\/nicolasgace-psychologue.fr\/index.php\/wp-json\/wp\/v2\/pages\/1950","targetHints":{"allow":["GET"]}}],"collection":[{"href":"https:\/\/nicolasgace-psychologue.fr\/index.php\/wp-json\/wp\/v2\/pages"}],"about":[{"href":"https:\/\/nicolasgace-psychologue.fr\/index.php\/wp-json\/wp\/v2\/types\/page"}],"author":[{"embeddable":true,"href":"https:\/\/nicolasgace-psychologue.fr\/index.php\/wp-json\/wp\/v2\/users\/1"}],"replies":[{"embeddable":true,"href":"https:\/\/nicolasgace-psychologue.fr\/index.php\/wp-json\/wp\/v2\/comments?post=1950"}],"version-history":[{"count":14,"href":"https:\/\/nicolasgace-psychologue.fr\/index.php\/wp-json\/wp\/v2\/pages\/1950\/revisions"}],"predecessor-version":[{"id":2613,"href":"https:\/\/nicolasgace-psychologue.fr\/index.php\/wp-json\/wp\/v2\/pages\/1950\/revisions\/2613"}],"wp:attachment":[{"href":"https:\/\/nicolasgace-psychologue.fr\/index.php\/wp-json\/wp\/v2\/media?parent=1950"}],"curies":[{"name":"wp","href":"https:\/\/api.w.org\/{rel}","templated":true}]}}